{"id":199,"date":"2023-05-13T18:07:03","date_gmt":"2023-05-13T18:07:03","guid":{"rendered":"https:\/\/agroforestalrios.com\/?page_id=199"},"modified":"2025-01-28T18:14:22","modified_gmt":"2025-01-28T18:14:22","slug":"lena-de-carrasca","status":"publish","type":"page","link":"https:\/\/www.agroforestalrios.com\/en\/lena-de-carrasca\/","title":{"rendered":"Le\u00f1a de Carrasca"},"content":{"rendered":"<div class=\"gb-container gb-container-455ecfe7\">\n<div class=\"gb-container gb-container-9cb91d6c\">\n\n<p class=\"gb-headline gb-headline-37ae0b1d gb-headline-text\">Tipos de Le\u00f1a<\/p>\n\n\n\n<h1 class=\"gb-headline gb-headline-cae7ac05 gb-headline-text\"><strong>Le\u00f1a de CARRASCA<\/strong><\/h1>\n\n<\/div>\n<div class=\"gb-shapes\"><div class=\"gb-shape gb-shape-1\"><svg xmlns=\"http:\/\/www.w3.org\/2000\/svg\" viewbox=\"0 0 1200 131\" preserveaspectratio=\"none\"><path d=\"M1200 0L899 110 687 6 410 75 154.8 20 0 70v61h1200z\"\/><\/svg><\/div><\/div><\/div>\n\n<div class=\"gb-container gb-container-e31d0cc0\">\n<div class=\"gb-container gb-container-b156b9b0\">\n\n<p class=\"has-text-align-center has-base-3-color has-text-color has-medium-font-size\">Nuestro tipo de le\u00f1a m\u00e1s valorada por sus cualidades. La le\u00f1a de carrasca destaca por tres motivos: su densidad, su buena brasa y alto poder calor\u00edfico.<\/p>\n\n<\/div>\n<\/div>\n\n<div class=\"gb-container gb-container-c02ec025\">\n\n<div style=\"height:100px\" aria-hidden=\"true\" class=\"wp-block-spacer\"><\/div>\n\n\n<div class=\"gb-grid-wrapper gb-grid-wrapper-cec87d7e\">\n<div class=\"gb-grid-column gb-grid-column-dd4c00bc\"><div class=\"gb-container gb-container-dd4c00bc\">\n\n<h2 class=\"wp-block-heading has-text-align-left\"><strong><strong>Especialistas en venta de le\u00f1a de carrasca<\/strong><\/strong><\/h2>\n\n\n\n<p class=\"has-medium-font-size\"><strong><strong><strong>Vendemos le\u00f1a de carrasca al por mayor y a particulares.<\/strong> <\/strong><\/strong>Desde nuestras instalaciones estamos capacitados para la distribuci\u00f3n en toda la pen\u00ednsula.<\/p>\n\n\n\n<p class=\"has-medium-font-size\">En Agroforestal Rios garantizamos el servicio de venta de le\u00f1a seca todo el a\u00f1o al <strong>contar&nbsp;con&nbsp;licencia de actividades de almacenamiento y compra-venta<\/strong>.<\/p>\n\n\n\n<p class=\"has-medium-font-size\">En nuestro almac\u00e9n contamos con un <strong>stock superior a las 500 toneladas.<\/strong><\/p>\n\n<\/div><\/div>\n\n<div class=\"gb-grid-column gb-grid-column-9474c401\"><div class=\"gb-container gb-container-9474c401\">\n\n<div style=\"height:440px\" aria-hidden=\"true\" class=\"wp-block-spacer\"><\/div>\n\n<\/div><\/div>\n<\/div>\n\n\n<div style=\"height:100px\" aria-hidden=\"true\" class=\"wp-block-spacer\"><\/div>\n\n<\/div>\n\n<div class=\"gb-container gb-container-db19ed63\">\n<div class=\"gb-container gb-container-508c7e54\">\n\n<div style=\"height:60px\" aria-hidden=\"true\" class=\"wp-block-spacer\"><\/div>\n\n\n\n<h2 class=\"wp-block-heading has-text-align-center\"><strong>\u00bfCu\u00e1l es el precio del kilo de le\u00f1a de carrasca seca?<\/strong><\/h2>\n\n\n\n<div style=\"height:30px\" aria-hidden=\"true\" class=\"wp-block-spacer\"><\/div>\n\n\n<div class=\"gb-grid-wrapper gb-grid-wrapper-dc3dbffa\">\n<div class=\"gb-grid-column gb-grid-column-e95e283d\"><div class=\"gb-container gb-container-e95e283d\">\n<div class=\"wp-block-image is-resized img-precio-lena\">\n<figure class=\"aligncenter size-full\"><img decoding=\"async\" src=\"data:image\/gif;base64,R0lGODlhAQABAIAAAAAAAP\/\/\/yH5BAEAAAAALAAAAAABAAEAAAIBRAA7\" data-src=\"https:\/\/agroforestalrios.com\/wp-content\/uploads\/2023\/05\/lena-de-carrasca-agroforestalrios.webp\" alt=\"le\u00f1a de carrasca\" class=\"wp-image-714 lazyload\"\/><noscript><img decoding=\"async\" width=\"800\" height=\"800\" src=\"https:\/\/agroforestalrios.com\/wp-content\/uploads\/2023\/05\/lena-de-carrasca-agroforestalrios.webp\" alt=\"le\u00f1a de carrasca\" class=\"wp-image-714 lazyload\" srcset=\"https:\/\/www.agroforestalrios.com\/wp-content\/uploads\/2023\/05\/lena-de-carrasca-agroforestalrios.webp 800w, https:\/\/www.agroforestalrios.com\/wp-content\/uploads\/2023\/05\/lena-de-carrasca-agroforestalrios-300x300.webp 300w, https:\/\/www.agroforestalrios.com\/wp-content\/uploads\/2023\/05\/lena-de-carrasca-agroforestalrios-150x150.webp 150w, https:\/\/www.agroforestalrios.com\/wp-content\/uploads\/2023\/05\/lena-de-carrasca-agroforestalrios-768x768.webp 768w\" sizes=\"(max-width: 800px) 100vw, 800px\" \/><\/noscript><\/figure>\n<\/div>\n\n\n<div style=\"height:30px\" aria-hidden=\"true\" class=\"wp-block-spacer\"><\/div>\n\n<\/div><\/div>\n\n<div class=\"gb-grid-column gb-grid-column-81cce888\"><div class=\"gb-container gb-container-81cce888\">\n\n<p class=\"has-medium-font-size\"><strong><strong><strong>El precio de un kilo de le\u00f1a de carrasca es de 0,16\u20ac. <\/strong><\/strong><\/strong>Para pedidos superiores a 25.000 kg el precio puede ser ajustable.<\/p>\n\n\n\n<p class=\"has-medium-font-size\">Nuestra le\u00f1a de almendro est\u00e1 <strong>preparada de corte entre 30 y 40cm<\/strong> m\u00e1ximo de&nbsp;longitud y todas est\u00e1n <strong>astilladas a partir de 10-15cm.<\/strong><\/p>\n\n\n\n<p class=\"has-medium-font-size\">Garantizamos la calidad ya que trabajamos con maquinaria&nbsp;propia en nuestras instalaciones.<\/p>\n\n<\/div><\/div>\n<\/div>\n\n\n<div style=\"height:20px\" aria-hidden=\"true\" class=\"wp-block-spacer\"><\/div>\n\n\n<div class=\"gb-container gb-container-898ce04a\">\n\n<p class=\"has-text-align-right has-base-3-color has-text-color\"><strong>*Precios sin IVA y sin portes.<\/strong><br>Actualmente el IVA aplicado a la compra venta de le\u00f1a es del 21%.<\/p>\n\n<\/div>\n\n\n<div style=\"height:50px\" aria-hidden=\"true\" class=\"wp-block-spacer\"><\/div>\n\n<\/div>\n<\/div>\n\n<div class=\"gb-container gb-container-4c9ebf98\">\n\n<div style=\"height:60px\" aria-hidden=\"true\" class=\"wp-block-spacer\"><\/div>\n\n\n\n<h2 class=\"wp-block-heading has-text-align-center\"><strong><strong>Recomendaciones para comprar le\u00f1a de carrasca<\/strong><\/strong><\/h2>\n\n\n\n<div style=\"height:30px\" aria-hidden=\"true\" class=\"wp-block-spacer\"><\/div>\n\n\n\n<p class=\"has-text-align-center has-medium-font-size\">Las caracter\u00edsticas de este tipo de le\u00f1a hace que sea muy recomendable para determinados usos.<\/p>\n\n\n<div id=\"rank-math-faq\" class=\"rank-math-block faqs-icono\">\n<div class=\"rank-math-list\">\n<div id=\"faq-question-1682159853699\" class=\"rank-math-list-item\">\n<h3 class=\"rank-math-question\"> \u00bfEs buena la le\u00f1a carrasca para chimeneas?<\/h3>\n<div class=\"rank-math-answer\">\n\n<p>La le\u00f1a de encina es una de las m\u00e1s recomendables para usar en chimeneas y estufas. Su calidad hace que arda lentamente y aporte una gran cantidad de calor a la estancia. Adem\u00e1s es un tipo de madera dura, por lo que aguanta muy bien la humedad.<\/p>\n\n<\/div>\n<\/div>\n<div id=\"faq-question-1682160726995\" class=\"rank-math-list-item\">\n<h3 class=\"rank-math-question\">Se puede usar la le\u00f1a de carrasca para cocinar<\/h3>\n<div class=\"rank-math-answer\">\n\n<p>Si quieres usar la le\u00f1a para hacer un asado o una barbacoa, la le\u00f1a de este tipo de encina es ideal. Sus brasas son duraderas y aportan un olor muy caracter\u00edstico a los alimentos que se van a cocinar.<\/p>\n\n<\/div>\n<\/div>\n<div id=\"faq-question-1682161638715\" class=\"rank-math-list-item\">\n<h3 class=\"rank-math-question\">\u00bfPor qu\u00e9 usar le\u00f1a de carrasca seca?<\/h3>\n<div class=\"rank-math-answer\">\n\n<p>La le\u00f1a seca hace un uso eficiente de todo su poder cal\u00f3rico. Si la le\u00f1a est\u00e1 h\u00fameda, parte de ese poder se perder\u00eda al tratar de evaporar el agua. Adem\u00e1s la le\u00f1a seca mantiene en mejor estado la chimenea y no es tan propensa a soltar chispas.<\/p>\n\n<\/div>\n<\/div>\n<\/div>\n<\/div>\n\n\n<div style=\"height:100px\" aria-hidden=\"true\" class=\"wp-block-spacer\"><\/div>\n\n<\/div>\n\n<div class=\"gb-container gb-container-0f322695\">\n<div class=\"gb-container gb-container-a9750792\">\n\n<div style=\"height:50px\" aria-hidden=\"true\" class=\"wp-block-spacer\"><\/div>\n\n\n\n<h2 class=\"wp-block-heading has-text-align-center\"><strong>\u00bfQu\u00e9 otros tipos de le\u00f1a trabajamos?<\/strong><\/h2>\n\n\n\n<div style=\"height:20px\" aria-hidden=\"true\" class=\"wp-block-spacer\"><\/div>\n\n\n\n<p class=\"has-text-align-center has-medium-font-size\">En Agroforestal R\u00edos, estamos especializados en diferentes tipos de le\u00f1a adem\u00e1s de la de carrasca:<\/p>\n\n\n<div class=\"gb-grid-wrapper gb-grid-wrapper-7b353fc1\">\n<div class=\"gb-grid-column gb-grid-column-ebace0bd\"><div class=\"gb-container gb-container-ebace0bd\">\n<div class=\"wp-block-image\">\n<figure class=\"aligncenter size-full is-resized\"><img decoding=\"async\" src=\"data:image\/gif;base64,R0lGODlhAQABAIAAAAAAAP\/\/\/yH5BAEAAAAALAAAAAABAAEAAAIBRAA7\" data-src=\"https:\/\/agroforestalrios.com\/wp-content\/uploads\/2023\/05\/lena-de-almendro-agroforestalrios.webp\" alt=\"le\u00f1a de almendro\" class=\"wp-image-703 lazyload\" style=\"width:200px;height:200px\"\/><noscript><img decoding=\"async\" width=\"800\" height=\"800\" src=\"https:\/\/agroforestalrios.com\/wp-content\/uploads\/2023\/05\/lena-de-almendro-agroforestalrios.webp\" alt=\"le\u00f1a de almendro\" class=\"wp-image-703 lazyload\" style=\"width:200px;height:200px\" srcset=\"https:\/\/www.agroforestalrios.com\/wp-content\/uploads\/2023\/05\/lena-de-almendro-agroforestalrios.webp 800w, https:\/\/www.agroforestalrios.com\/wp-content\/uploads\/2023\/05\/lena-de-almendro-agroforestalrios-300x300.webp 300w, https:\/\/www.agroforestalrios.com\/wp-content\/uploads\/2023\/05\/lena-de-almendro-agroforestalrios-150x150.webp 150w, https:\/\/www.agroforestalrios.com\/wp-content\/uploads\/2023\/05\/lena-de-almendro-agroforestalrios-768x768.webp 768w\" sizes=\"(max-width: 800px) 100vw, 800px\" \/><\/noscript><\/figure>\n<\/div>\n\n\n<div style=\"height:10px\" aria-hidden=\"true\" class=\"wp-block-spacer\"><\/div>\n\n\n\n<h3 class=\"wp-block-heading has-text-align-center has-medium-font-size\"><strong>Le\u00f1a de almendro<\/strong><\/h3>\n\n\n\n<p>Alto poder calor\u00edfico. Perfecto equilibrio de&nbsp;llama y brasa.<\/p>\n\n\n\n<div class=\"wp-block-buttons is-content-justification-center is-layout-flex wp-container-core-buttons-is-layout-16018d1d wp-block-buttons-is-layout-flex\">\n<div class=\"wp-block-button\"><a class=\"wp-block-button__link has-background has-text-align-center wp-element-button\" href=\"https:\/\/www.agroforestalrios.com\/en\/lena-de-almendro\/\" style=\"border-radius:10px;background-color:#a7b8ae\"><strong>Ver m\u00e1s<\/strong><\/a><\/div>\n<\/div>\n\n\n\n<div style=\"height:30px\" aria-hidden=\"true\" class=\"wp-block-spacer\"><\/div>\n\n<\/div><\/div>\n\n<div class=\"gb-grid-column gb-grid-column-f68d3b6c\"><div class=\"gb-container gb-container-f68d3b6c\">\n<div class=\"wp-block-image\">\n<figure class=\"aligncenter size-full is-resized\"><img decoding=\"async\" src=\"data:image\/gif;base64,R0lGODlhAQABAIAAAAAAAP\/\/\/yH5BAEAAAAALAAAAAABAAEAAAIBRAA7\" data-src=\"https:\/\/agroforestalrios.com\/wp-content\/uploads\/2023\/05\/lena-de-olivo-agroforestalrios.webp\" alt=\"le\u00f1a de olivo\" class=\"wp-image-695 lazyload\" style=\"width:200px;height:200px\"\/><noscript><img decoding=\"async\" width=\"800\" height=\"800\" src=\"https:\/\/agroforestalrios.com\/wp-content\/uploads\/2023\/05\/lena-de-olivo-agroforestalrios.webp\" alt=\"le\u00f1a de olivo\" class=\"wp-image-695 lazyload\" style=\"width:200px;height:200px\" srcset=\"https:\/\/www.agroforestalrios.com\/wp-content\/uploads\/2023\/05\/lena-de-olivo-agroforestalrios.webp 800w, https:\/\/www.agroforestalrios.com\/wp-content\/uploads\/2023\/05\/lena-de-olivo-agroforestalrios-300x300.webp 300w, https:\/\/www.agroforestalrios.com\/wp-content\/uploads\/2023\/05\/lena-de-olivo-agroforestalrios-150x150.webp 150w, https:\/\/www.agroforestalrios.com\/wp-content\/uploads\/2023\/05\/lena-de-olivo-agroforestalrios-768x768.webp 768w\" sizes=\"(max-width: 800px) 100vw, 800px\" \/><\/noscript><\/figure>\n<\/div>\n\n\n<div style=\"height:10px\" aria-hidden=\"true\" class=\"wp-block-spacer\"><\/div>\n\n\n\n<h3 class=\"wp-block-heading has-medium-font-size\"><strong>Le\u00f1a de olivo<\/strong><\/h3>\n\n\n\n<p>Mezcla toza con ca\u00f1a. Elegida por la larga duraci\u00f3n&nbsp;de sus brasas.<\/p>\n\n\n\n<div class=\"wp-block-buttons is-content-justification-center is-layout-flex wp-container-core-buttons-is-layout-16018d1d wp-block-buttons-is-layout-flex\">\n<div class=\"wp-block-button\"><a class=\"wp-block-button__link has-background has-text-align-center wp-element-button\" href=\"https:\/\/www.agroforestalrios.com\/en\/lena-de-olivo\/\" style=\"border-radius:10px;background-color:#a7b8ae\"><strong>Ver m\u00e1s<\/strong><\/a><\/div>\n<\/div>\n\n\n\n<div style=\"height:30px\" aria-hidden=\"true\" class=\"wp-block-spacer\"><\/div>\n\n<\/div><\/div>\n\n<div class=\"gb-grid-column gb-grid-column-360dc806\"><div class=\"gb-container gb-container-360dc806\">\n<div class=\"wp-block-image\">\n<figure class=\"aligncenter size-full is-resized\"><img decoding=\"async\" src=\"data:image\/gif;base64,R0lGODlhAQABAIAAAAAAAP\/\/\/yH5BAEAAAAALAAAAAABAAEAAAIBRAA7\" data-src=\"https:\/\/agroforestalrios.com\/wp-content\/uploads\/2023\/05\/lena-de-roble-agroforestalrios.webp\" alt=\"le\u00f1a de roble\" class=\"wp-image-719 lazyload\" style=\"width:200px;height:200px\"\/><noscript><img decoding=\"async\" width=\"800\" height=\"800\" src=\"https:\/\/agroforestalrios.com\/wp-content\/uploads\/2023\/05\/lena-de-roble-agroforestalrios.webp\" alt=\"le\u00f1a de roble\" class=\"wp-image-719 lazyload\" style=\"width:200px;height:200px\" srcset=\"https:\/\/www.agroforestalrios.com\/wp-content\/uploads\/2023\/05\/lena-de-roble-agroforestalrios.webp 800w, https:\/\/www.agroforestalrios.com\/wp-content\/uploads\/2023\/05\/lena-de-roble-agroforestalrios-300x300.webp 300w, https:\/\/www.agroforestalrios.com\/wp-content\/uploads\/2023\/05\/lena-de-roble-agroforestalrios-150x150.webp 150w, https:\/\/www.agroforestalrios.com\/wp-content\/uploads\/2023\/05\/lena-de-roble-agroforestalrios-768x768.webp 768w\" sizes=\"(max-width: 800px) 100vw, 800px\" \/><\/noscript><\/figure>\n<\/div>\n\n\n<div style=\"height:10px\" aria-hidden=\"true\" class=\"wp-block-spacer\"><\/div>\n\n\n\n<h3 class=\"wp-block-heading has-medium-font-size\"><strong>Le\u00f1a de roble<\/strong><\/h3>\n\n\n\n<p>Le\u00f1a ideal para aquellos que deseen&nbsp;mas llama que brasa.<\/p>\n\n\n\n<div class=\"wp-block-buttons is-content-justification-center is-layout-flex wp-container-core-buttons-is-layout-16018d1d wp-block-buttons-is-layout-flex\">\n<div class=\"wp-block-button\"><a class=\"wp-block-button__link has-background has-text-align-center wp-element-button\" href=\"https:\/\/www.agroforestalrios.com\/en\/lena-de-roble\/\" style=\"border-radius:10px;background-color:#a7b8ae\"><strong>Ver m\u00e1s<\/strong><\/a><\/div>\n<\/div>\n\n\n\n<div style=\"height:30px\" aria-hidden=\"true\" class=\"wp-block-spacer\"><\/div>\n\n<\/div><\/div>\n<\/div>\n\n\n<div style=\"height:50px\" aria-hidden=\"true\" class=\"wp-block-spacer\"><\/div>\n\n<\/div>\n<\/div>\n\n<div class=\"gb-container gb-container-c94de1ac\">\n<div class=\"gb-container gb-container-68d8c959\">\n\n<div style=\"height:20px\" aria-hidden=\"true\" class=\"wp-block-spacer\"><\/div>\n\n\n\n<h2 class=\"wp-block-heading has-text-align-center has-contrast-color has-text-color\">\u00bfQuieres comprar le\u00f1a? Contacta con nosotros:<\/h2>\n\n\n\n<div style=\"height:10px\" aria-hidden=\"true\" class=\"wp-block-spacer\"><\/div>\n\n\n<div class=\"gb-grid-wrapper gb-grid-wrapper-1c373d5a\">\n<div class=\"gb-grid-column gb-grid-column-b7b4f620\"><div class=\"gb-container gb-container-b7b4f620\">\n\n<span class=\"gb-button gb-button-bccd89e3\"><span class=\"gb-icon\"><svg aria-hidden=\"true\" role=\"img\" height=\"1em\" width=\"1em\" viewbox=\"0 0 384 512\" xmlns=\"http:\/\/www.w3.org\/2000\/svg\"><path fill=\"currentColor\" d=\"M172.268 501.67C26.97 291.031 0 269.413 0 192 0 85.961 85.961 0 192 0s192 85.961 192 192c0 77.413-26.97 99.031-172.268 309.67-9.535 13.774-29.93 13.773-39.464 0zM192 272c44.183 0 80-35.817 80-80s-35.817-80-80-80-80 35.817-80 80 35.817 80 80 80z\"><\/path><\/svg><\/span><span class=\"gb-button-text\">Camino de Ponzano n\u00ba2<br>Laluenga (Huesca)<\/span><\/span>\n\n<\/div><\/div>\n\n<div class=\"gb-grid-column gb-grid-column-461f81be\"><div class=\"gb-container gb-container-461f81be\">\n\n<span class=\"gb-button gb-button-85067755\"><span class=\"gb-icon\"><svg aria-hidden=\"true\" role=\"img\" height=\"1em\" width=\"1em\" viewbox=\"0 0 512 512\" xmlns=\"http:\/\/www.w3.org\/2000\/svg\"><path fill=\"currentColor\" d=\"M493.4 24.6l-104-24c-11.3-2.6-22.9 3.3-27.5 13.9l-48 112c-4.2 9.8-1.4 21.3 6.9 28l60.6 49.6c-36 76.7-98.9 140.5-177.2 177.2l-49.6-60.6c-6.8-8.3-18.2-11.1-28-6.9l-112 48C3.9 366.5-2 378.1.6 389.4l24 104C27.1 504.2 36.7 512 48 512c256.1 0 464-207.5 464-464 0-11.2-7.7-20.9-18.6-23.4z\"><\/path><\/svg><\/span><span class=\"gb-button-text\">+34 607 56 82 56<\/span><\/span>\n\n<\/div><\/div>\n\n<div class=\"gb-grid-column gb-grid-column-0701be4b\"><div class=\"gb-container gb-container-0701be4b\">\n\n<a class=\"gb-button gb-button-5e2f2ee8\" href=\"mailto:eloyriosmoliner@yahoo.es\"><span class=\"gb-icon\"><svg aria-hidden=\"true\" role=\"img\" height=\"1em\" width=\"1em\" viewbox=\"0 0 512 512\" xmlns=\"http:\/\/www.w3.org\/2000\/svg\"><path fill=\"currentColor\" d=\"M464 64H48C21.49 64 0 85.49 0 112v288c0 26.51 21.49 48 48 48h416c26.51 0 48-21.49 48-48V112c0-26.51-21.49-48-48-48zm0 48v40.805c-22.422 18.259-58.168 46.651-134.587 106.49-16.841 13.247-50.201 45.072-73.413 44.701-23.208.375-56.579-31.459-73.413-44.701C106.18 199.465 70.425 171.067 48 152.805V112h416zM48 400V214.398c22.914 18.251 55.409 43.862 104.938 82.646 21.857 17.205 60.134 55.186 103.062 54.955 42.717.231 80.509-37.199 103.053-54.947 49.528-38.783 82.032-64.401 104.947-82.653V400H48z\"><\/path><\/svg><\/span><span class=\"gb-button-text\">Enviar email<\/span><\/a>\n\n<\/div><\/div>\n<\/div>\n\n\n<div style=\"height:20px\" aria-hidden=\"true\" class=\"wp-block-spacer\"><\/div>\n\n<\/div>\n<\/div>","protected":false},"excerpt":{"rendered":"<p>Tipos de Le\u00f1a Le\u00f1a de CARRASCA Nuestro tipo de le\u00f1a m\u00e1s valorada por sus cualidades. La le\u00f1a de carrasca destaca por tres motivos: su densidad, su buena brasa y alto poder calor\u00edfico. \u00bfCu\u00e1l es el precio del kilo de le\u00f1a de carrasca seca? *Precios sin IVA y sin portes.Actualmente el IVA aplicado a la compra &#8230; <a title=\"Le\u00f1a de Carrasca\" class=\"read-more\" href=\"https:\/\/www.agroforestalrios.com\/en\/lena-de-carrasca\/\" aria-label=\"Read more about Le\u00f1a de Carrasca\">Read more<\/a><\/p>","protected":false},"author":1,"featured_media":470,"parent":0,"menu_order":0,"comment_status":"closed","ping_status":"closed","template":"","meta":{"_joinchat":[],"footnotes":""},"class_list":["post-199","page","type-page","status-publish","has-post-thumbnail"],"_links":{"self":[{"href":"https:\/\/www.agroforestalrios.com\/en\/wp-json\/wp\/v2\/pages\/199","targetHints":{"allow":["GET"]}}],"collection":[{"href":"https:\/\/www.agroforestalrios.com\/en\/wp-json\/wp\/v2\/pages"}],"about":[{"href":"https:\/\/www.agroforestalrios.com\/en\/wp-json\/wp\/v2\/types\/page"}],"author":[{"embeddable":true,"href":"https:\/\/www.agroforestalrios.com\/en\/wp-json\/wp\/v2\/users\/1"}],"replies":[{"embeddable":true,"href":"https:\/\/www.agroforestalrios.com\/en\/wp-json\/wp\/v2\/comments?post=199"}],"version-history":[{"count":18,"href":"https:\/\/www.agroforestalrios.com\/en\/wp-json\/wp\/v2\/pages\/199\/revisions"}],"predecessor-version":[{"id":944,"href":"https:\/\/www.agroforestalrios.com\/en\/wp-json\/wp\/v2\/pages\/199\/revisions\/944"}],"wp:featuredmedia":[{"embeddable":true,"href":"https:\/\/www.agroforestalrios.com\/en\/wp-json\/wp\/v2\/media\/470"}],"wp:attachment":[{"href":"https:\/\/www.agroforestalrios.com\/en\/wp-json\/wp\/v2\/media?parent=199"}],"curies":[{"name":"wp","href":"https:\/\/api.w.org\/{rel}","templated":true}]}}